{"id":4594,"date":"2020-03-30T16:41:37","date_gmt":"2020-03-30T14:41:37","guid":{"rendered":"https:\/\/www.calendimaggiodiassisi.com\/privacy-policy\/"},"modified":"2024-01-26T16:57:29","modified_gmt":"2024-01-26T15:57:29","slug":"privacy-policy","status":"publish","type":"page","link":"https:\/\/www.calendimaggiodiassisi.com\/en\/privacy-policy\/","title":{"rendered":"Privacy Policy"},"content":{"rendered":"\n<h4 class=\"wp-block-heading\">Limitazione di Responsabilit\u00e0<\/h4>\n\n<p class=\"wp-block-paragraph\"><strong>Ente Calendimaggio di Assisi<\/strong> si adopera costantemente per garantire l\u2019esattezza delle informazioni accessibili mediante il suo sito Web. Tuttavia, non garantisce in alcun modo che le informazioni siano esatte, complete e aggiornate. <strong>Ente Calendimaggio di Assisi<\/strong> non pu\u00f2 essere ritenuta responsabile, in nessun caso, di qualsivoglia danno, diretto o indiretto, di qualunque natura, derivante dalla consultazione del suo sito Web.<\/p>\n\n<p class=\"wp-block-paragraph\">L\u2019utilizzo del sito da parte dell\u2019utente comporta l\u2019accettazione di quanto indicato nella presente sezione e nella sezione Informativa sulla Privacy.<\/p>\n\n<h4 class=\"wp-block-heading\">Informativa sulla Privacy<\/h4>\n\n<p class=\"wp-block-paragraph\">In questa pagina si descrivono le modalit\u00e0 di gestione del sito in riferimento al trattamento dei dati personali degli utenti che lo consultano. Si tratta di un\u2019informativa resa anche ai sensi dell\u2019art. 13 del d.lgs. n. 196\/2003 (Codice in materia di protezione dei dati personali) a coloro che interagiscono con i servizi Web accessibili per via telematica a partire dall\u2019indirizzo: <a href=\"http:\/\/www.calendimaggiodiassisi.com\/\" target=\"_blank\" rel=\"noreferrer noopener\">www.calendimaggiodiassisi.com<\/a><\/p>\n\n<p class=\"wp-block-paragraph\">L\u2019informativa \u00e8 resa solo per il sito <a href=\"http:\/\/www.calendimaggiodiassisi.com\/\" target=\"_blank\" rel=\"noreferrer noopener\">www.calendimaggiodiassisi.com<\/a> e non anche per altri siti Web eventualmente consultati dall\u2019utente tramite link.<\/p>\n\n<p class=\"wp-block-paragraph\">Visitando il sito Web <a href=\"http:\/\/www.calendimaggiodiassisi.com\/\" target=\"_blank\" rel=\"noreferrer noopener\">www.calendimaggiodiassisi.com<\/a>, si accettano implicitamente le prassi descritte nella presente Informativa sulla Privacy.<\/p>\n\n<h4 class=\"wp-block-heading\">\u201cTitolare\u201d del trattamento<\/h4>\n\n<p class=\"wp-block-paragraph\">A seguito della consultazione di questo sito possono essere trattati dati relativi a persone identificate o identificabili. Il \u201cTitolare\u201d del loro trattamento \u00e8 <strong>Ente Calendimaggio di Assisi<\/strong> nella persona dell\u2019Amministratore, che ha sede in Piazza del Comune, 28 \u2013 06081 Assisi (PG), Italy.<\/p>\n\n<h4 class=\"wp-block-heading\">Luogo di trattamento dei dati<\/h4>\n\n<p class=\"wp-block-paragraph\">I trattamenti connessi ai servizi Web di questo sito hanno luogo presso la predetta sede del \u201cTitolare\u201d e sono curati solo da personale tecnico, interno alla societ\u00e0 titolare, incaricato del trattamento, oppure da eventuali incaricati di occasionali operazioni di manutenzione.<\/p>\n\n<p class=\"wp-block-paragraph\">Nessun dato derivante dal servizio Web viene diffuso.<\/p>\n\n<h4 class=\"wp-block-heading\">Finalit\u00e0 del trattamento dei dati<\/h4>\n\n<p class=\"wp-block-paragraph\">I dati personali forniti dagli utenti che inoltrano richieste di invio di materiale informativo o che si iscrivono alle newsletter sono utilizzati al solo fine di eseguire il servizio o la prestazione richiesta. Tali dati possono essere utilizzati dalla societ\u00e0 per lo svolgimento della sua attivit\u00e0 ordinaria per le seguenti finalit\u00e0:<\/p>\n\n<p class=\"wp-block-paragraph\">a) gestione del rapporto utente\/cliente; b) svolgimento della sua attivit\u00e0 economica; c) altri scopi legati all\u2019attivit\u00e0 svolta dalla societ\u00e0 ed a questa connessi quali, a titolo esemplificativo: migliorare i prodotti ed i servizi offerti, anche se non strettamente legati ai servizi richiesti dall\u2019interessato; ricerche di mercato sulla soddisfazione del cliente presentate, direttamente o tramite agenzie di mercato all\u2019uopo incaricate, per telefono, con questionari o tramite appuntamenti personali.<\/p>\n\n<h4 class=\"wp-block-heading\">Tipi di dati trattati<\/h4>\n\n<h4 class=\"wp-block-heading\">Dati di navigazione<\/h4>\n\n<p class=\"wp-block-paragraph\">I sistemi informatici e le procedure software preposte al funzionamento di questo sito Web acquisiscono, nel corso del loro normale esercizio, alcuni dati personali la cui trasmissione \u00e8 implicita nell\u2019uso dei protocolli di comunicazione di Internet. Si tratta di informazioni che non sono raccolte per essere associate a interessati identificati, ma che, per loro stessa natura, potrebbero, attraverso elaborazioni ed associazioni con dati detenuti da terzi, permettere di identificare gli utenti.<\/p>\n\n<p class=\"wp-block-paragraph\">In questa categoria di dati rientrano gli indirizzi IP o i nomi a dominio dei computer utilizzati dagli utenti che si connettono al sito, gli indirizzi in notazione URI (Uniform Resource Identifier) delle risorse richieste, l\u2019orario della richiesta, il metodo utilizzato nel sottoporre la richiesta al server, la dimensione del file ottenuto in risposta, il codice numerico indicante lo stato della risposta data dal server (buon fine, errore, ecc.) ed altri parametri relativi al sistema operativo e all\u2019ambiente informatico dell\u2019utente.<\/p>\n\n<p class=\"wp-block-paragraph\">Questi dati vengono utilizzati al solo fine di ricavare informazioni statistiche anonime sull\u2019uso del sito e per controllarne il corretto funzionamento, e vengono cancellati immediatamente dopo l\u2019elaborazione. I dati potrebbero essere utilizzati per l\u2019accertamento di responsabilit\u00e0 in caso di ipotetici reati informatici ai danni del sito.<\/p>\n\n<h4 class=\"wp-block-heading\">Dati forniti volontariamente dall\u2019utente<\/h4>\n\n<p class=\"wp-block-paragraph\">L\u2019invio facoltativo, esplicito e volontario di posta elettronica agli indirizzi indicati su questo sito comporta la successiva acquisizione dell\u2019indirizzo del mittente, necessario per rispondere alle richieste, nonch\u00e9 degli eventuali altri dati personali inseriti nella missiva.<\/p>\n\n<p class=\"wp-block-paragraph\">Specifiche informative di sintesi verranno progressivamente riportate o visualizzate nelle pagine del sito predisposte per particolari servizi a richiesta.<\/p>\n\n<h4 class=\"wp-block-heading\">Cookies<\/h4>\n\n<p class=\"wp-block-paragraph\">Nessun dato personale degli utenti viene in proposito acquisito dal sito.<\/p>\n\n<p class=\"wp-block-paragraph\">Non viene fatto uso di cookies per la trasmissione di informazioni di carattere personale, n\u00e9 vengono utilizzati cosiddetti cookies persistenti di alcun tipo, ovvero sistemi per il tracciamento degli utenti.<\/p>\n\n<p class=\"wp-block-paragraph\">L\u2019uso di cosiddetti cookies di sessione (che non vengono memorizzati in modo persistente sul computer dell\u2019utente e svaniscono con la chiusura del browser) \u00e8 strettamente limitato alla trasmissione di identificativi di sessione (costituiti da numeri casuali generati dal server) necessari per consentire l\u2019esplorazione sicura ed efficiente del sito.<\/p>\n\n<p class=\"wp-block-paragraph\">I cosiddetti cookies di sessione utilizzati in questo sito evitano il ricorso ad altre tecniche informatiche potenzialmente pregiudizievoli per la riservatezza della navigazione degli utenti e non consentono l\u2019acquisizione di dati personali identificativi dell\u2019utente.<\/p>\n\n<h4 class=\"wp-block-heading\">Informativa estesa sui Cookie<\/h4>\n\n<p class=\"wp-block-paragraph\">I Cookie sono costituiti da porzioni di codice installate all\u2019interno del browser che assistono il Titolare nell\u2019erogazione del servizio in base alle finalit\u00e0 descritte. Alcune delle finalit\u00e0 di installazione dei Cookie potrebbero, inoltre, necessitare del consenso dell\u2019Utente.<\/p>\n\n<h4 class=\"wp-block-heading\">Cookie tecnici e di statistica aggregata.<\/h4>\n\n<h4 class=\"wp-block-heading\">Attivit\u00e0 strettamente necessarie al funzionamento<\/h4>\n\n<p class=\"wp-block-paragraph\">Questa Applicazione utilizza Cookie per salvare la sessione dell\u2019Utente e per svolgere altre attivit\u00e0 strettamente necessarie al funzionamento dello stesso, ad esempio in relazione alla distribuzione del traffico.<\/p>\n\n<h4 class=\"wp-block-heading\">Attivit\u00e0 di salvataggio delle preferenze, ottimizzazione e statistica.<\/h4>\n\n<p class=\"wp-block-paragraph\">Questa Applicazione utilizza Cookie per salvare le preferenze di navigazione ed ottimizzare l\u2019esperienza di navigazione dell\u2019Utente. Fra questi Cookie rientrano, ad esempio, quelli per impostare la lingua e la valuta o per la gestione di statistiche da parte del Titolare del sito.<\/p>\n\n<h4 class=\"wp-block-heading\">Altre tipologie di Cookie o strumenti terzi che potrebbero farne utilizzo.<\/h4>\n\n<p class=\"wp-block-paragraph\">Alcuni dei servizi elencati di seguito raccolgono statistiche in forma aggregata e potrebbero non richiedere il consenso dell\u2019Utente o potrebbero essere gestiti direttamente dal Titolare \u2013 a seconda di quanto descritto \u2013 senza l\u2019ausilio di terzi.<\/p>\n\n<p class=\"wp-block-paragraph\">Qualora fra gli strumenti indicati in seguito fossero presenti servizi gestiti da terzi, questi potrebbero \u2013 in aggiunta a quanto specificato ed anche all\u2019insaputa del Titolare \u2013 compiere attivit\u00e0 di tracciamento dell\u2019Utente. Per informazioni dettagliate in merito, si consiglia di consultare le privacy policy dei servizi elencati.<\/p>\n\n<h4 class=\"wp-block-heading\">\u00b7 Interazione con social network e piattaforme esterne<\/h4>\n\n<p class=\"wp-block-paragraph\">Questi servizi permettono di effettuare interazioni con i social network, o con altre piattaforme esterne, direttamente dalle pagine dell\u2019Applicazione. Le interazioni e le informazioni acquisite da questa Applicazione sono in ogni caso soggette alle impostazioni privacy dell\u2019Utente relative ad ogni social network. Nel caso in cui sia installato un servizio di interazione con i social network, \u00e8 possibile che, anche nel caso gli Utenti non utilizzino il servizio, lo stesso raccolga dati di traffico relativi alle pagine in cui \u00e8 installato.<\/p>\n\n<h4 class=\"wp-block-heading\">\u00b7 Statistica<\/h4>\n\n<p class=\"wp-block-paragraph\">I servizi contenuti nella presente sezione permettono al Titolare del Trattamento di monitorare e analizzare i dati di traffico e servono a tener traccia del comportamento dell\u2019Utente.<\/p>\n\n<h4 class=\"wp-block-heading\">Google Analytics (Google)<\/h4>\n\n<p class=\"wp-block-paragraph\">Google Analytics \u00e8 un servizio di analisi web fornito da Google Inc. (\u201cGoogle\u201d). Google utilizza i Dati Personali raccolti allo scopo di tracciare ed esaminare l\u2019utilizzo di questa Applicazione, compilare report e condividerli con gli altri servizi sviluppati da Google.<\/p>\n\n<p class=\"wp-block-paragraph\">Google potrebbe utilizzare i Dati Personali per contestualizzare e personalizzare gli annunci del proprio network pubblicitario.<\/p>\n\n<p class=\"wp-block-paragraph\">Dati personali raccolti: Cookie e Dati di utilizzo.<\/p>\n\n<p class=\"wp-block-paragraph\">Luogo del trattamento : USA \u2013 <a href=\"http:\/\/www.google.com\/intl\/it\/policies\/privacy\/\" target=\"_blank\" rel=\"noreferrer noopener\">Privacy Policy<\/a> \u2013 <a href=\"http:\/\/tools.google.com\/dlpage\/gaoptout?hl=it\" target=\"_blank\" rel=\"noreferrer noopener\">Opt Out<\/a><\/p>\n\n<h4 class=\"wp-block-heading\">\u00b7 Visualizzazione di contenuti da piattaforme esterne<\/h4>\n\n<h4 class=\"wp-block-heading\">Widget Google Map (Google)<\/h4>\n\n<p class=\"wp-block-paragraph\">Google Map \u00e8 un servizio di visualizzazione di mappe gestito da Google Inc. che permette a questa Applicazione di integrare tali contenuti all\u2019interno delle proprie pagine.<\/p>\n\n<p class=\"wp-block-paragraph\">Dati personali raccolti: Cookie e Dati di utilizzo.<\/p>\n\n<p class=\"wp-block-paragraph\">Luogo del trattamento : USA \u2013 <a href=\"https:\/\/www.google.com\/intl\/it\/policies\/technologies\/cookies\/\" target=\"_blank\" rel=\"noreferrer noopener\">Privacy Policy<\/a><\/p>\n\n<h4 class=\"wp-block-heading\">\u00b7 Contattare l&#8217;utente<\/h4>\n\n<h4 class=\"wp-block-heading\">Modulo di contatto (Questa Applicazione)<\/h4>\n\n<p class=\"wp-block-paragraph\">L\u2019Utente, compilando con i propri Dati il modulo di contatto, acconsente al loro utilizzo per rispondere alle richieste di informazioni, di preventivo, o di qualunque altra natura indicata dall\u2019intestazione del modulo.<\/p>\n\n<p class=\"wp-block-paragraph\">Dati personali raccolti: Cognome, Email, Indirizzo, Nome e Numero di Telefono.<\/p>\n\n<h4 class=\"wp-block-heading\">Come posso controllare l\u2019installazione di Cookie?<\/h4>\n\n<p class=\"wp-block-paragraph\">In aggiunta a quanto indicato in questo documento, l\u2019Utente pu\u00f2 gestire le preferenze relative ai Cookie direttamente all\u2019interno del proprio browser ed impedire \u2013 ad esempio \u2013 che terze parti possano installarne.<br\/>Tramite le preferenze del browser \u00e8 inoltre possibile eliminare i Cookie installati in passato, incluso il Cookie in cui venga eventualmente salvato il consenso all\u2019installazione di Cookie da parte di questo sito. \u00c8 importante notare che disabilitando tutti i Cookie, il funzionamento di questo sito potrebbe essere compromesso. L\u2019Utente pu\u00f2 trovare informazioni su come gestire i Cookie nel suo browser ai seguenti indirizzi: Google Chrome, Mozilla Firefox, Apple Safari and Microsoft Windows Explorer.<\/p>\n\n<p class=\"wp-block-paragraph\">In caso di servizi erogati da terze parti, l\u2019Utente pu\u00f2 inoltre esercitare il proprio diritto ad opporsi al tracciamento informandosi tramite la privacy policy della terza parte, tramite il link di opt out se esplicitamente fornito o contattando direttamente la stessa.<\/p>\n\n<p class=\"wp-block-paragraph\">Fermo restando quanto precede, il Titolare informa che l\u2019Utente pu\u00f2 avvalersi di <a href=\"http:\/\/www.youronlinechoices.com\/\" target=\"_blank\" rel=\"noreferrer noopener\">Your Online Choices<\/a>. Attraverso tale servizio \u00e8 possibile gestire le preferenze di tracciamento della maggior parte degli strumenti pubblicitari. Il Titolare, pertanto, consiglia agli Utenti di utilizzare tale risorsa in aggiunta alle informazioni fornite dal presente documento.<\/p>\n\n<p class=\"wp-block-paragraph\">Dal momento che l\u2019installazione di Cookie e di altri sistemi di tracciamento operata da terze parti tramite i servizi utilizzati all\u2019interno di questa sito non pu\u00f2 essere tecnicamente controllata dal Titolare, ogni riferimento specifico a Cookie e sistemi di tracciamento installati da terze parti \u00e8 da considerarsi indicativo. Per ottenere informazioni complete, consulta la privacy policy degli eventuali servizi terzi.<\/p>\n\n<h4 class=\"wp-block-heading\">Facoltativit\u00e0 del conferimento dei dati<\/h4>\n\n<p class=\"wp-block-paragraph\">A parte quanto specificato per i dati di navigazione, l\u2019utente \u00e8 libero di fornire i dati personali riportati nei moduli di richiesta o comunque indicati in apposite sezioni del sito per sollecitare l\u2019invio di materiale informativo o di altre comunicazioni.<\/p>\n\n<p class=\"wp-block-paragraph\">Il loro mancato conferimento pu\u00f2 comportare l\u2019impossibilit\u00e0 di ottenere quanto richiesto.<\/p>\n\n<h4 class=\"wp-block-heading\">Modalit\u00e0 del trattamento<\/h4>\n\n<p class=\"wp-block-paragraph\">I dati personali sono trattati con strumenti automatizzati per il tempo strettamente necessario a conseguire gli scopi per cui sono stati raccolti.<\/p>\n\n<p class=\"wp-block-paragraph\">Specifiche misure di sicurezza sono osservate per prevenire la perdita dei dati, usi illeciti o non corretti ed accessi non autorizzati.<\/p>\n\n<h4 class=\"wp-block-heading\">Diritti degli interessati<\/h4>\n\n<p class=\"wp-block-paragraph\">I soggetti cui si riferiscono i dati personali hanno il diritto, in qualunque momento, di ottenere la conferma dell\u2019esistenza o meno dei medesimi dati e di conoscerne il contenuto e l\u2019origine, verificarne l\u2019esattezza o chiederne l\u2019integrazione o l\u2019aggiornamento, oppure la rettificazione (art. 7 del d.lgs. n. 196\/2003).<br\/>Ai sensi del medesimo articolo si ha il diritto di chiedere la cancellazione, la trasformazione in forma anonima o il blocco dei dati trattati in violazione di legge, nonch\u00e9 di opporsi in ogni caso, per motivi legittimi, al loro trattamento.<\/p>\n\n<p class=\"wp-block-paragraph\">Questa informativa sulla privacy pu\u00f2 essere modificata periodicamente e l\u2019uso delle informazioni raccolte \u00e8 soggetto all\u2019informativa sulla privacy in effetto al momento dell\u2019uso.<\/p>\n\n<p class=\"wp-block-paragraph\">Il presente documento, pubblicato all\u2019indirizzo <a href=\"http:\/\/www.calendimaggiodiassisi.com\/\" target=\"_blank\" rel=\"noreferrer noopener\">www.calendimaggiodiassisi.com<\/a>, costituisce l\u2019\u201dInformativa sulla Privacy\u201d di questo sito e sar\u00e0 soggetto ad aggiornamenti (restano le varie versioni consultabili al medesimo indirizzo).<\/p>\n","protected":false},"excerpt":{"rendered":"Limitazione di Responsabilit\u00e0 Ente Calendimaggio di Assisi si adopera costantemente per garantire l\u2019esattezza delle informazioni accessibili mediante il suo sito Web. Tuttavia, non garantisce in alcun modo che le informazioni siano esatte, complete e aggiornate. Ente Calendimaggio di Assisi non pu\u00f2 essere ritenuta responsabile, in nessun caso, di qualsivoglia danno, diretto o indiretto, di qualunque&#8230;","protected":false},"author":1,"featured_media":0,"parent":0,"menu_order":34,"comment_status":"closed","ping_status":"closed","template":"","meta":{"_acf_changed":false,"footnotes":""},"class_list":["post-4594","page","type-page","status-publish","hentry"],"acf":[],"yoast_head":"<!-- This site is optimized with the Yoast SEO plugin v28.4 - https:\/\/yoast.com\/product\/yoast-seo-wordpress\/ -->\n<title>Privacy Policy - Calendimaggio di Assisi<\/title>\n<meta name=\"robots\" content=\"index, follow, max-snippet:-1, max-image-preview:large, max-video-preview:-1\" \/>\n<link rel=\"canonical\" href=\"https:\/\/www.calendimaggiodiassisi.com\/en\/privacy-policy\/\" \/>\n<meta property=\"og:locale\" content=\"en_US\" \/>\n<meta property=\"og:type\" content=\"article\" \/>\n<meta property=\"og:title\" content=\"Privacy Policy - Calendimaggio di Assisi\" \/>\n<meta property=\"og:description\" content=\"Limitazione di Responsabilit\u00e0 Ente Calendimaggio di Assisi si adopera costantemente per garantire l\u2019esattezza delle informazioni accessibili mediante il suo sito Web. Tuttavia, non garantisce in alcun modo che le informazioni siano esatte, complete e aggiornate. Ente Calendimaggio di Assisi non pu\u00f2 essere ritenuta responsabile, in nessun caso, di qualsivoglia danno, diretto o indiretto, di qualunque...\" \/>\n<meta property=\"og:url\" content=\"https:\/\/www.calendimaggiodiassisi.com\/en\/privacy-policy\/\" \/>\n<meta property=\"og:site_name\" content=\"Calendimaggio di Assisi\" \/>\n<meta property=\"article:modified_time\" content=\"2024-01-26T15:57:29+00:00\" \/>\n<meta name=\"twitter:card\" content=\"summary_large_image\" \/>\n<meta name=\"twitter:label1\" content=\"Est. reading time\" \/>\n\t<meta name=\"twitter:data1\" content=\"9 minutes\" \/>\n<script type=\"application\/ld+json\" class=\"yoast-schema-graph\">{\"@context\":\"https:\\\/\\\/schema.org\",\"@graph\":[{\"@type\":\"WebPage\",\"@id\":\"https:\\\/\\\/www.calendimaggiodiassisi.com\\\/en\\\/privacy-policy\\\/\",\"url\":\"https:\\\/\\\/www.calendimaggiodiassisi.com\\\/en\\\/privacy-policy\\\/\",\"name\":\"Privacy Policy - Calendimaggio di Assisi\",\"isPartOf\":{\"@id\":\"https:\\\/\\\/www.calendimaggiodiassisi.com\\\/en\\\/#website\"},\"datePublished\":\"2020-03-30T14:41:37+00:00\",\"dateModified\":\"2024-01-26T15:57:29+00:00\",\"breadcrumb\":{\"@id\":\"https:\\\/\\\/www.calendimaggiodiassisi.com\\\/en\\\/privacy-policy\\\/#breadcrumb\"},\"inLanguage\":\"en-US\",\"potentialAction\":[{\"@type\":\"ReadAction\",\"target\":[\"https:\\\/\\\/www.calendimaggiodiassisi.com\\\/en\\\/privacy-policy\\\/\"]}]},{\"@type\":\"BreadcrumbList\",\"@id\":\"https:\\\/\\\/www.calendimaggiodiassisi.com\\\/en\\\/privacy-policy\\\/#breadcrumb\",\"itemListElement\":[{\"@type\":\"ListItem\",\"position\":1,\"name\":\"Home\",\"item\":\"https:\\\/\\\/www.calendimaggiodiassisi.com\\\/en\\\/\"},{\"@type\":\"ListItem\",\"position\":2,\"name\":\"Privacy Policy\"}]},{\"@type\":\"WebSite\",\"@id\":\"https:\\\/\\\/www.calendimaggiodiassisi.com\\\/en\\\/#website\",\"url\":\"https:\\\/\\\/www.calendimaggiodiassisi.com\\\/en\\\/\",\"name\":\"Calendimaggio di Assisi\",\"description\":\"\",\"potentialAction\":[{\"@type\":\"SearchAction\",\"target\":{\"@type\":\"EntryPoint\",\"urlTemplate\":\"https:\\\/\\\/www.calendimaggiodiassisi.com\\\/en\\\/?s={search_term_string}\"},\"query-input\":{\"@type\":\"PropertyValueSpecification\",\"valueRequired\":true,\"valueName\":\"search_term_string\"}}],\"inLanguage\":\"en-US\"}]}<\/script>\n<!-- \/ Yoast SEO plugin. -->","yoast_head_json":{"title":"Privacy Policy - Calendimaggio di Assisi","robots":{"index":"index","follow":"follow","max-snippet":"max-snippet:-1","max-image-preview":"max-image-preview:large","max-video-preview":"max-video-preview:-1"},"canonical":"https:\/\/www.calendimaggiodiassisi.com\/en\/privacy-policy\/","og_locale":"en_US","og_type":"article","og_title":"Privacy Policy - Calendimaggio di Assisi","og_description":"Limitazione di Responsabilit\u00e0 Ente Calendimaggio di Assisi si adopera costantemente per garantire l\u2019esattezza delle informazioni accessibili mediante il suo sito Web. Tuttavia, non garantisce in alcun modo che le informazioni siano esatte, complete e aggiornate. Ente Calendimaggio di Assisi non pu\u00f2 essere ritenuta responsabile, in nessun caso, di qualsivoglia danno, diretto o indiretto, di qualunque...","og_url":"https:\/\/www.calendimaggiodiassisi.com\/en\/privacy-policy\/","og_site_name":"Calendimaggio di Assisi","article_modified_time":"2024-01-26T15:57:29+00:00","twitter_card":"summary_large_image","twitter_misc":{"Est. reading time":"9 minutes"},"schema":{"@context":"https:\/\/schema.org","@graph":[{"@type":"WebPage","@id":"https:\/\/www.calendimaggiodiassisi.com\/en\/privacy-policy\/","url":"https:\/\/www.calendimaggiodiassisi.com\/en\/privacy-policy\/","name":"Privacy Policy - Calendimaggio di Assisi","isPartOf":{"@id":"https:\/\/www.calendimaggiodiassisi.com\/en\/#website"},"datePublished":"2020-03-30T14:41:37+00:00","dateModified":"2024-01-26T15:57:29+00:00","breadcrumb":{"@id":"https:\/\/www.calendimaggiodiassisi.com\/en\/privacy-policy\/#breadcrumb"},"inLanguage":"en-US","potentialAction":[{"@type":"ReadAction","target":["https:\/\/www.calendimaggiodiassisi.com\/en\/privacy-policy\/"]}]},{"@type":"BreadcrumbList","@id":"https:\/\/www.calendimaggiodiassisi.com\/en\/privacy-policy\/#breadcrumb","itemListElement":[{"@type":"ListItem","position":1,"name":"Home","item":"https:\/\/www.calendimaggiodiassisi.com\/en\/"},{"@type":"ListItem","position":2,"name":"Privacy Policy"}]},{"@type":"WebSite","@id":"https:\/\/www.calendimaggiodiassisi.com\/en\/#website","url":"https:\/\/www.calendimaggiodiassisi.com\/en\/","name":"Calendimaggio di Assisi","description":"","potentialAction":[{"@type":"SearchAction","target":{"@type":"EntryPoint","urlTemplate":"https:\/\/www.calendimaggiodiassisi.com\/en\/?s={search_term_string}"},"query-input":{"@type":"PropertyValueSpecification","valueRequired":true,"valueName":"search_term_string"}}],"inLanguage":"en-US"}]}},"_links":{"self":[{"href":"https:\/\/www.calendimaggiodiassisi.com\/en\/wp-json\/wp\/v2\/pages\/4594","targetHints":{"allow":["GET"]}}],"collection":[{"href":"https:\/\/www.calendimaggiodiassisi.com\/en\/wp-json\/wp\/v2\/pages"}],"about":[{"href":"https:\/\/www.calendimaggiodiassisi.com\/en\/wp-json\/wp\/v2\/types\/page"}],"author":[{"embeddable":true,"href":"https:\/\/www.calendimaggiodiassisi.com\/en\/wp-json\/wp\/v2\/users\/1"}],"replies":[{"embeddable":true,"href":"https:\/\/www.calendimaggiodiassisi.com\/en\/wp-json\/wp\/v2\/comments?post=4594"}],"version-history":[{"count":3,"href":"https:\/\/www.calendimaggiodiassisi.com\/en\/wp-json\/wp\/v2\/pages\/4594\/revisions"}],"predecessor-version":[{"id":4597,"href":"https:\/\/www.calendimaggiodiassisi.com\/en\/wp-json\/wp\/v2\/pages\/4594\/revisions\/4597"}],"wp:attachment":[{"href":"https:\/\/www.calendimaggiodiassisi.com\/en\/wp-json\/wp\/v2\/media?parent=4594"}],"curies":[{"name":"wp","href":"https:\/\/api.w.org\/{rel}","templated":true}]}}